{"id":901,"date":"2019-05-27T22:57:32","date_gmt":"2019-05-27T20:57:32","guid":{"rendered":"http:\/\/www.rv-geilenkirchen.de\/wordpress\/?page_id=901"},"modified":"2020-09-28T10:27:24","modified_gmt":"2020-09-28T08:27:24","slug":"turniererfolge","status":"publish","type":"page","link":"http:\/\/www.rv-geilenkirchen.de\/wordpress\/324-2\/turniererfolge\/","title":{"rendered":"Turniererfolge"},"content":{"rendered":"<p><span style=\"font-size: 18pt;\"><strong>2020<\/strong><\/span><\/p>\n<p><span style=\"font-size: 14pt;\"><strong>\u00dcbach-Palenberg &#8211; Scherpenseel<\/strong><\/span><\/p>\n<p><em>Aline P\u00e4tzold mit Davina:<\/em> 2. Platz in der Dressurpr\u00fcfung Kl. L*-Trense<br \/>\n<em>Aline P\u00e4tzold mit Davina:<\/em> 4. Platz in der Dressurpr\u00fcfung Kl. L*-Kandare<br \/>\n<em>Angelina Brendt mit WES Don Fabio:<\/em> 5. Platz in der Dressurpr\u00fcfung Kl. A*<br \/>\n<em>Luk H\u00fchne mit Bonny:<\/em> 3. Platz im Reiter-WB Schritt-Trab-Galopp<\/p>\n<p>&nbsp;<\/p>\n<p><span style=\"font-size: 14pt;\"><strong>Dinslaken-Hiesfeld<\/strong><\/span><\/p>\n<p><em>Mette Jansen mit Joradina Gemma:<\/em> 1. Platz in der Dressurreiterpr\u00fcfung Kl. L<\/p>\n<p>&nbsp;<\/p>\n<p><span style=\"font-size: 14pt;\"><strong>Erkelenz &#8211; Haus Hohenbusch WBO<\/strong><\/span><\/p>\n<p><em>Mia Radau mit Dubai:<\/em> 2. Platz im Dressur-WB Kl. A<br \/>\n<em>Jana Schmidt mit Woody:<\/em> 4. Platz im Dressur-WB Kl. A<br \/>\n<em>Luk H\u00fchne mit Bonny:<\/em> 3. Platz im Reiter-WB<\/p>\n<p>&nbsp;<\/p>\n<p><span style=\"font-size: 14pt;\"><strong>W\u00fcrselen &#8211; Reitanlage R\u00fcben<\/strong><\/span><\/p>\n<p><em>Charlotte Krewel mit Dark Toffee:<\/em> 3. Platz in der Dressurpr\u00fcfung Kl. A**<br \/>\n<em>Laura Plaumann mit Gr\u00e2ce \u00e0 toi:<\/em> 7. Platz in der Dressurpr\u00fcfung Kl. L*-Trense<\/p>\n<p>&nbsp;<\/p>\n<p><span style=\"font-size: 14pt;\"><strong>Aachen-Brand<\/strong><\/span><\/p>\n<p><em>Mette Jansen mit Joradina Gemma:<\/em> 1. Platz in der Dressurreiterpr\u00fcfung Kl. L<br \/>\n<em>Laura Plaumann mit Gr\u00e2ce \u00e0 toi:<\/em> 11. Platz in der Dressurreiterpr\u00fcfung Kl. L<\/p>\n<p>&nbsp;<\/p>\n<p><span style=\"font-size: 14pt;\"><strong>Viersen-D\u00fclken<\/strong><\/span><\/p>\n<p><em>Laura Plaumann mit Gr\u00e2ce \u00e0 toi:<\/em> 3. Platz in der Dressurpr\u00fcfung Kl. L*-Trense<br \/>\n<em>Mette Jansen mit Djamilla:<\/em> 5. Platz in der Dressurreiterpr\u00fcfung Kl. A*<br \/>\n<em>Laura Plaumann mit Gr\u00e2ce \u00e0 toi:<\/em> 4. Platz in der Dressurreiterpr\u00fcfung Kl. L*<br \/>\n<em>Mette Jansen mit Joradina Gemma:<\/em> 7. Platz in der Dressurreiterpr\u00fcfung Kl. L*<\/p>\n<p>&nbsp;<\/p>\n<p><span style=\"font-size: 14pt;\"><strong>Kaarst<\/strong><\/span><\/p>\n<p><em>Laura Plaumann mit Gr\u00e2ce \u00e0 toi:<\/em> 3. Platz in der Dressurpr\u00fcfung Kl. L*-Trense<\/p>\n<p>&nbsp;<\/p>\n<p><span style=\"font-size: 14pt;\"><strong>W\u00fcrselen &#8211; Teuterhof (Dressur)<\/strong><\/span><\/p>\n<p><em>Marcel Wolf mit Virgilius PL:<\/em> 9. Platz in der Dressurpr\u00fcfung Kl. M**<br \/>\n<em>Angelina Brendt mit WES Don Fabio:<\/em> 9. Platz in der Dressurpr\u00fcfung Kl. A**<br \/>\n<em>Mette Jansen mit Djamilla:<\/em> 5. Platz in der Dressurreiterpr\u00fcfung Kl. A*<\/p>\n<p>&nbsp;<\/p>\n<p><span style=\"font-size: 14pt;\"><strong>Kirchhoven-Vinn<\/strong><\/span><\/p>\n<p><em>Aline P\u00e4tzold mit Davina 169:<\/em> 1. Platz in der Dressurpr\u00fcfung Kl. L*<br \/>\n<em>Mia Radau mit Dubai S:<\/em> 2. Platz in der Dressurpr\u00fcfung Kl. E<br \/>\n<em>Aline P\u00e4tzold mit Davina 169:<\/em> 3. Platz in der Dressurpr\u00fcfung Kl. L*-Trense<br \/>\n<em>Laura Plaumann mit Gr\u00e2ce \u00e0 toi:<\/em> 5. Platz in der Dressurpr\u00fcfung Kl. L*-Trense<br \/>\n<em>Mette Jansen mit Djamilia:<\/em> 6. Platz in der Dressurpr\u00fcfung Kl. A*<br \/>\n<em>Mia Radau mit Dubai S:<\/em> 9. Platz in der Dressurpr\u00fcfung Kl. A*<\/p>\n<p>&nbsp;<\/p>\n<p><span style=\"font-size: 14pt;\"><strong>Krefeld-H\u00fcls<\/strong><\/span><\/p>\n<p><em>Aline P\u00e4tzold mit Davina 169:<\/em> 2. Platz in der Dressurpr\u00fcfung Kl. L*-Trense<br \/>\n<em>Mette Jansen mit Djamilia:<\/em> 4. Platz in der Dressurpr\u00fcfung Kl. A*<\/p>\n<p>&nbsp;<\/p>\n<p><span style=\"font-size: 14pt;\"><strong>W\u00fcrselen &#8211; Teuterhof (Springen)<\/strong><\/span><\/p>\n<p><em>Aline P\u00e4tzold mit Qualitys &#8217;son:<\/em> 4. Platz in der Stilspringpr\u00fcfung Kl. E<\/p>\n<p>&nbsp;<\/p>\n<p><span style=\"font-size: 14pt;\"><strong>Lindlar-S\u00fcttenbach<\/strong><\/span><\/p>\n<p><em>Aline P\u00e4tzold mit Davina 169:<\/em> 9. Platz in der Dressurpr\u00fcfung Kl. L*-Trense<\/p>\n<p>&nbsp;<\/p>\n<p><span style=\"font-size: 18pt;\"><strong>2019<\/strong><\/span><\/p>\n<p><span style=\"font-size: 14pt;\"><strong>Viersen-D\u00fclken<\/strong><\/span><\/p>\n<p><em>Mette Jansen mit Djamilla:<\/em> 7. Platz in der Dressurpr\u00fcfung Kl. A*<br \/>\n<em>Laura Plaumann mit Gr\u00e2ce \u00e0 toi:<\/em> 2. Platz in der Dressurpr\u00fcfung Kl. A*<br \/>\n<em>Laura Plaumann mit Gr\u00e2ce \u00e0 toi:<\/em> 4. Platz in der Dressurpr\u00fcfung Kl. A*<br \/>\n<em>Laura Plaumann mit Gr\u00e2ce \u00e0 toi:<\/em> 5. Platz in der Dressurpr\u00fcfung Kl. A**<br \/>\n<em>Laura Plaumann mit Gr\u00e2ce \u00e0 toi:<\/em> 8. Platz in der Dressurreiterpr\u00fcfung Kl. A*<\/p>\n<p>&nbsp;<\/p>\n<p><span style=\"font-size: 14pt;\"><strong>Aachen-Soers<\/strong><\/span><\/p>\n<p><em>Laura Plaumann auf Arabaci Ibn Akino:<\/em> 3. Platz in der Dressurpr\u00fcfung Kl. L*-K\u00fcr-Kandare<br \/>\n<em>Laura Plaumann auf Arabaci Ibn Akino:<\/em> 7. Platz in der Dressurpr\u00fcfung Kl. L*-Trense<\/p>\n<p>&nbsp;<\/p>\n<p><span style=\"font-size: 14pt;\"><strong>W\u00fcrselen-Pley<\/strong><\/span><\/p>\n<p><em>Christina Strauch auf Feodora:<\/em> 2. Platz in der Dressurpr\u00fcfung Kl. A*<br \/>\n<em>Esther Kraemer auf Friedrich:<\/em> 3. Platz in der Dressurpferdepr\u00fcfung Kl. L<br \/>\n<em>Mette Jansen mit Djamilla:<\/em> 4. Platz in der Dressurpr\u00fcfung Kl. A*<\/p>\n<p>&nbsp;<\/p>\n<p><span style=\"font-size: 14pt;\"><strong>Heinsberg<\/strong><\/span><\/p>\n<p><em>Mette Jansen mit Djamilla:<\/em> 2. Platz in der Dressurpr\u00fcfung Kl. A*<br \/>\n<em>Mette Jansen mit Vieko:<\/em> 4. Platz in der Dressurpr\u00fcfung Kl. A*<\/p>\n<p>&nbsp;<\/p>\n<p><span style=\"font-size: 14pt;\"><strong>Nettetal-Kaldenkirchen<\/strong><\/span><\/p>\n<p><em>Katrin Coenen mit Curly Sue 189:<\/em> 4. Platz in der Springpr\u00fcfung Kl. M*<\/p>\n<p>&nbsp;<\/p>\n<p><span style=\"font-size: 14pt;\"><strong>M\u00f6nchengladbach-Wickrath<\/strong><\/span><\/p>\n<p><em>Laura Plaumann mit Gr\u00e2ce \u00e0 toi:<\/em> 3. Platz in der Dressurpr\u00fcfung Kl. A*<br \/>\n<em>Laura Plaumann mit Arabaci Ibn Akino:<\/em> 8. Platz in der Dressurpr\u00fcfung Kl. A*<br \/>\n<em>Laura Plaumann mit Arabaci Ibn Akino:<\/em> 12. Platz in der Dressurpr\u00fcfung Kl. A*<\/p>\n<p>&nbsp;<\/p>\n<p><span style=\"font-size: 14pt;\"><strong>Landesturnier D\u00fcren<\/strong><\/span><\/p>\n<p><em>Katrin Coenen mit Curly Sue 189:<\/em> 4. Platz in der Mannschaftsspringpr\u00fcfung Kl. M* m. 1 Umlauf und Stechen<br \/>\n<em>Laura Plaumann mit Gr\u00e2ce \u00e0 toi:<\/em> 8. Platz in der Dressurpr\u00fcfung Kl. A*<\/p>\n<p>&nbsp;<\/p>\n<p><span style=\"font-size: 14pt;\"><strong>Nettetal-Lobberich<\/strong><\/span><\/p>\n<p><em>Mette Jansen mit Vieko:<\/em> 4. Platz in der Dressurreiterpr\u00fcfung Kl. A<br \/>\n<em>Mette Jansen mit Djamilla:<\/em> 6. Platz in der Dressurreiterpr\u00fcfung Kl. A<br \/>\n<em>Mette Jansen mit Djamilla:<\/em> 4. Platz in der Dressurpr\u00fcfung Kl. A*<br \/>\n<em>Mette Jansen mit Vieko:<\/em> 9. Platz in der Dressurpr\u00fcfung Kl. A*<\/p>\n<p>&nbsp;<\/p>\n<p><span style=\"font-size: 14pt;\"><strong>Stolberg-B\u00fcsbach<\/strong><\/span><\/p>\n<p><em>Laura Plaumann mit Gr\u00e2ce \u00e0 toi:<\/em> 1. Platz in der Dressurpr\u00fcfung Kl. A*<br \/>\n<em>Laura Plaumann mit Gr\u00e2ce \u00e0 toi:<\/em> 1. Platz in der Dressurreiterpr\u00fcfung Kl. A<br \/>\n<em>Angelina Brendt mit WES Don Fabio:<\/em> 2. Platz in der Dressurpr\u00fcfung Kl. A*<br \/>\n<em>Mette Jansen mit Vieko:<\/em> 2. Platz in der Dressurpr\u00fcfung Kl. A*<br \/>\n<em>Mette Jansen mit Vieko:<\/em> 2. Platz in der Dressurreiterpr\u00fcfung Kl. A<br \/>\n<em>Sarah Bernstein mit Katchina Vaheti:<\/em> 4. Platz in der Dressurpr\u00fcfung Kl. A*<br \/>\n<em>Katrin Coenen mit Curly Sue 189:<\/em> 8. Platz in der Springpr\u00fcfung Kl. M*<\/p>\n<p>&nbsp;<\/p>\n<p><span style=\"font-size: 14pt;\"><strong>Monschau-M\u00fctzenich<\/strong><\/span><\/p>\n<p><em>Marcel Wolf mit Alvaro:<\/em> 1. Platz in der Dressurpr\u00fcfung Kl. M**<br \/>\n<em>Marcel Wolf mit Quarterback:<\/em> 2. Platz in der Dressurpr\u00fcfung Kl. M**<br \/>\n<em>Marcel Wolf mit Alvaro:<\/em> 1. Platz in der Dressurpr\u00fcfung Kl. S*<br \/>\n<em>Marcel Wolf mit Quarterback:<\/em> 7. Platz in der Dressurpr\u00fcfung Kl. S*<br \/>\n<em>Aline P\u00e4tzold mit Davina 169:<\/em> 10. Platz in der Dressurpr\u00fcfung Kl. L*-Trense<br \/>\n<em>Katrin Coenen mit Curly Sue 189:<\/em> 9. Platz in der Punktespringpr\u00fcfung Kl. M*<\/p>\n<p>&nbsp;<\/p>\n<p><span style=\"font-size: 14pt;\"><strong>Aachen-Brand<\/strong><\/span><\/p>\n<p><em>Carmen Plum auf Madeira 50:<\/em> 6. Platz in der Dressurpr\u00fcfung Kl. A*<br \/>\n<em>Lara Kocker auf Domspatz:<\/em> 5. Platz in der Dressurreiterpr\u00fcfung Kl. L*<br \/>\n<em>Christina Strauch auf Feodora:<\/em> 3. Platz in der Dressurpr\u00fcfung Kl. A*<br \/>\n<em>Christina Strauch auf Feodora:<\/em> 4. Platz in der Dressurpr\u00fcfung Kl. A**<br \/>\n<em>Dressurmannschaft:<\/em> 1. Platz (Mannschafts-Dressurpr\u00fcfung Kl. A*) &#8211; Reiter: Carmen PLum, Christina Strauch, Elena Schaffrath, Karin Kellermann; Mannschaftsf\u00fchrer: David Peters<\/p>\n<p>&nbsp;<\/p>\n<p><span style=\"font-size: 14pt;\"><strong>Nettetal-Lobberich<\/strong><\/span><\/p>\n<p><em>Marcel Wolf mit Alvaro:<\/em> 6. Platz im St. Georg Special*<br \/>\n<em>Lara Kocker mit Domspatz:<\/em> 5. Platz in der Dressurpr\u00fcfung Kl. L*-Trense<br \/>\n<em>Aline P\u00e4tzold auf Davina 169:<\/em> 1. Platz in der Dressurpr\u00fcfung Kl. A**<\/p>\n<p>&nbsp;<\/p>\n<p><strong><span style=\"font-size: 14pt;\">W\u00fcrselen-Teuterhof<\/span><\/strong><\/p>\n<p><em>Esther Kraemer mit Friedrich:<\/em> 1. Platz in der Dressurpferdepr\u00fcfung Kl. L<br \/>\n<em>Marcel Wolf mit Alvaro:<\/em> 3. Platz im St. Georg Special*<br \/>\n<em>Marcel Wolf mit Alvaro:<\/em> 1. Platz in der Dressurpr\u00fcfung Kl. M**<br \/>\n<em>Marcel Wolf mit Quarterback:<\/em> 4. Platz in der Dressurpr\u00fcfung Kl. M**<br \/>\n<em>Marcel Wolf mit Quarterback:<\/em> 4. Platz in der Dressurpr\u00fcfung Kl. S* K\u00fcr<br \/>\n<em>Marcel Wolf mit Quarterback:<\/em> 3. Platz in der Dressurpr\u00fcfung Kl. M*<\/p>\n<p>&nbsp;<\/p>\n<p><span style=\"font-size: 14pt;\"><strong>Kirchhoven-Vinn (Kreismeisterschaft)<\/strong><\/span><\/p>\n<p><em>Katrin Coenen mit Curly Sue 189:<\/em> 1. Platz in der Springpr\u00fcfung Kl. M* m. St.<br \/>\n<em>Katrin Coenen mit Curly Sue 189:<\/em> 7. Platz in der Punktespringpr\u00fcfung Kl. M*<br \/>\n<strong>Katrin Coenen wird Vize-Kreismeisterin im Springen f\u00fcr LK 1, 2, 3<\/strong><br \/>\n<em>Laura Plaumann mit Gr\u00e2ce \u00e0 toi:<\/em> 2. Platz in der Dressurpr\u00fcfung Kl. A**<br \/>\n<em>Marcel Wolf mit Quarterback:<\/em> 6. Platz in der Dressurpr\u00fcfung Kl. M**<\/p>\n<p>&nbsp;<\/p>\n<p><strong><span style=\"font-size: 14pt;\">Viersen-D\u00fclken<\/span><\/strong><\/p>\n<p><em>Marcel Wolf mit Alvaro:<\/em> 4. Platz in der Dressurpr\u00fcfung Kl. M**<br \/>\n<em>Marcel Wolf mit Alvaro:<\/em> 3. Platz in der Dressurpr\u00fcfung Kl. S*<br \/>\n<em>Laura Plaumann mit Gr\u00e2ce \u00e0 toi:<\/em> 9. Platz in der Dressurpr\u00fcfung Kl. A*<\/p>\n<p>&nbsp;<\/p>\n<p><strong><span style=\"font-size: 14pt;\">Simmerath-Eicherscheidt<\/span><\/strong><\/p>\n<p><em>Katrin Coenen mit Curly Sue 189:<\/em> 2. Platz in der Springpr\u00fcfung mit steigenden Anforderungen Kl. M*<\/p>\n<p>&nbsp;<\/p>\n<p><strong><span style=\"font-size: 14pt;\">Eschweiler-D\u00fcrwiss<\/span><\/strong><\/p>\n<p><em>Marcel Wolf mit Ferry:<\/em> 4. Platz in der Dressurpferdepr\u00fcfung Kl. L<br \/>\n<em>Marcel Wolf mit Alvaro:<\/em> 7. Platz in der Dressurpr\u00fcfung Kl. S*<br \/>\n<em>Angelina Brendt mit WES Don Fabio:<\/em> 2. Platz in der Dressurpr\u00fcfung Kl. A*<br \/>\n<em>Katrin Coenen mit Curly Sue 189:<\/em> 8. Platz in der Springpr\u00fcfung Kl. L<br \/>\n<em>Katrin Coenen mit Curly Sue 189:<\/em> 4. Platz in der Springpr\u00fcfung Kl. M*<\/p>\n<p>&nbsp;<\/p>\n<p><span style=\"font-size: 14pt;\"><strong>D\u00fcren<\/strong><\/span><\/p>\n<p><em>Esther Kraemer mit Friedrich:<\/em> 3. Platz in der Dressurpferde L<br \/>\n<em>Laura Plaumann mit Arabaci Ibn Akino:<\/em> 2. Platz in der Dressurpr\u00fcfung Kl. A**<br \/>\n<em>Laura Plaumann mit Grace a toi:<\/em> 6. Platz in der Dressurpr\u00fcfung Kl. A**<br \/>\n<em>Laura Plaumann mit Grace a toi:<\/em> 3. Platz in der Dressurpr\u00fcfung Kl. A*<br \/>\n<em>Lara Kocker mit Domspatz:<\/em> 5. Platz in der Dressurpr\u00fcfung Kl. L*-Trense<br \/>\n<em>Mette Jansen mit Vieko:<\/em> 5. Platz in der Dressurpr\u00fcfung Kl. A*<\/p>\n<p>&nbsp;<\/p>\n<p><span style=\"font-size: 14pt;\"><strong>Grefrath<\/strong><\/span><\/p>\n<p><em>Aline P\u00e4tzold auf Davina 169:<\/em> 6. Platz in der Dressurpr\u00fcfung Kl. A**<\/p>\n<p>&nbsp;<\/p>\n<p><span style=\"font-size: 14pt;\"><strong>Aldenhoven-Siersdorf<\/strong><\/span><\/p>\n<p><em>Annemarie Gleichauf:<\/em> 1. Platz in der F\u00fchrz\u00fcgelklasse<br \/>\n<em>Leonard Gleichauf:<\/em> 3. Platz im kombinierten Wettbewerb Klasse E f\u00fcr Einsp\u00e4nner<\/p>\n<p>&nbsp;<\/p>\n<p><span style=\"font-size: 14pt;\"><strong>H\u00fcckelhoven-Ratheim<\/strong><\/span><\/p>\n<p><em>Marcel Wolf mit Alvaro:<\/em> 1. Platz in der Dressurpr\u00fcfung Kl. M**<br \/>\n<em>Marcel Wolf mit Alvaro:<\/em> 3. Platz in der Dressurpr\u00fcfung Kl. S*<br \/>\n<em>Esther Kraemer mit Friedrich:<\/em> 5. Platz in der Dressurpferdepr\u00fcfung Kl. L<br \/>\n<em>Aline P\u00e4tzold mit Davina 169:<\/em> 8. Platz in der Dressurpr\u00fcfung Kl. L*<br \/>\n<em>Mette Jansen mit Vieko:<\/em> 2. Platz in der Dressurpr\u00fcfung Kl. A*<br \/>\n<em>Christina Strauch mit Fedora:<\/em> 3. Platz in der Dressurpr\u00fcfung Kl. A*<br \/>\n<em>Angelina Brendt mit WES Don Fabio:<\/em> 7. Platz in der Dressurpr\u00fcfung Kl. A*<br \/>\n<em>Katrin Coenen mit Curly Sue 189:<\/em> 4. Platz in der Springpr\u00fcfung Kl. L<br \/>\n<em>Katrin Coenen mit Curly Sue 189:<\/em> 10. Platz in der Springpr\u00fcfung Kl. M*<\/p>\n<p>&nbsp;<\/p>\n<p><span style=\"font-size: 14pt;\"><strong>Erkelenz &#8211; Haus Hohenbusch<\/strong><\/span><\/p>\n<p><em>Laura Plaumann auf Arabaci Ibn Akino:<\/em> 10. Platz in der Dressurpr\u00fcfung Kl. L*<br \/>\n<em>Mette Jansen auf Vieko:<\/em> 6. Platz in der Dressurpr\u00fcfung Kl. A*<br \/>\n<em>Christina Strauch auf Feodora:<\/em> 11. Platz in der Dressurpr\u00fcfung Kl. A*<br \/>\n<em>Katrin Coenen auf Curly Sue 189:<\/em> 5. Platz in der Springpr\u00fcfung Kl. L<br \/>\n<em>Katrin Coenen auf Curly Sue 189:<\/em> 5. Platz in der Punktespringpr\u00fcfung Kl. M*<\/p>\n<p>&nbsp;<\/p>\n<p><span style=\"font-size: 14pt;\"><strong>Aachen-Brand<\/strong><\/span><\/p>\n<p><em>Marcel Wolf auf Friedrich:<\/em> 2. Platz in der Dressurpferdepr\u00fcfung Kl. L<br \/>\n<em>Marcel Wolf auf Alvaro:<\/em> 11. Platz im St. Georg Special*<br \/>\n<em>Marcel Wolf auf Alvaro:<\/em> 11. Platz im St. Georg Special*<br \/>\n<em>Angelina Brendt auf WES Don Fabio:<\/em> 7. Platz in der Dressurpr\u00fcfung Kl. A*<\/p>\n<p>&nbsp;<\/p>\n<p><span style=\"font-size: 14pt;\"><strong>D\u00fcsseldorf &#8211; Reitklub Hofgarten<\/strong><\/span><\/p>\n<p><em>Marcel Wolf auf Alvaro:<\/em> 11. Platz im St. Georg Special*<br \/>\n<em>Marcel Wolf auf Alvaro:<\/em> 7. Platz in der Dressurpr\u00fcfung Kl. S*<\/p>\n<p>&nbsp;<\/p>\n<p><span style=\"font-size: 14pt;\"><strong>Simmerath-Kesternich<\/strong><\/span><\/p>\n<p><em>Lara Kocker auf Domspatz:<\/em> 7. Platz in der Dressurpr\u00fcfung Kl. L*<br \/>\n<em>Marcel Wolf auf Alvaro:<\/em> 6. Platz im St. Georg<br \/>\n<em>Marcel Wolf auf Alvaro:<\/em> 4. Platz in der Dressurpr\u00fcfung Kl. S*-K\u00fcr<br \/>\n<em>Marcel Wolf auf Alvaro:<\/em> 3. Platz in der Dressurpr\u00fcfung Kl. M**<\/p>\n<p>&nbsp;<\/p>\n<p><span style=\"font-size: 14pt;\"><strong>Gangelt-Niederbusch<\/strong><\/span><\/p>\n<p><em>Lara Kocker mit Domspatz:<\/em> 9. Platz in der Dressurpr\u00fcfung Kl. L*<br \/>\n<em>Carmen Plum mit Madeira:<\/em> 4. Platz in der Dressurpr\u00fcfung Kl. E<br \/>\n<em>Katrin Coenen mit Curly Sue 189:<\/em> 1. Platz in der Springpr\u00fcfung Kl. L<\/p>\n<p>&nbsp;<\/p>\n<p><span style=\"font-size: 14pt;\"><strong>Aachen &#8211; Gut Hanbruch<\/strong><\/span><\/p>\n<p><em>Marcel Wolf mit Count on Me S:<\/em> 3. Platz in der Dressurpferdepr\u00fcfung Kl. L<br \/>\n<em>Marcel Wolf mit Count on Me S:<\/em> 5. Platz in der Dressurpferdepr\u00fcfung Kl. A<\/p>\n<p><em>Dressurmannschaft:<\/em> 3. Platz (Mannschafts-Dressurpr\u00fcfung Kl. A*) &#8211; Reiter: Karin Kellermann, Carmen Plum, Christina Strauch; Mannschaftsf\u00fchrer: David Peters<\/p>\n<p>&nbsp;<\/p>\n<p><span style=\"font-size: 14pt;\"><strong>M\u00f6nchengladbach-R\u00f6nneter<\/strong><\/span><\/p>\n<p><em>Katrin Coenen mit Curly Sue 189:<\/em> 2. Platz in der Springpr\u00fcfung mit steigenden Anforderungen Kl. L<br \/>\n<em>Katrin Coenen mit Curly Sue 189:<\/em> 2. Platz in der Punktespringpr\u00fcfung Kl. L<\/p>\n<p>&nbsp;<\/p>\n<p><span style=\"font-size: 14pt;\"><strong>S\u00fcdlohn-Oeding<\/strong><\/span><\/p>\n<p><em>Franz-Josef Coenen mit Lordy 12:<\/em> 4. Platz in der Kombinierten Pr\u00fcfung Pony-Einsp\u00e4nner Kl. M<br \/>\n<em>Franz-Josef Coenen mit Lordy 12:<\/em> 10. Platz im Hindernisfahren Pony-Einsp\u00e4nner Kl. M<\/p>\n<p>&nbsp;<\/p>\n<p><strong><span style=\"font-size: 14pt;\">J\u00fclich<\/span><br \/>\n<\/strong><\/p>\n<p><em>Dressurmannschaft I:<\/em> 2. Platz (Mannschafts-Dressurpr\u00fcfung Kl. A*) &#8211; Reiter: Laura Plaumann, Christina Strauch, Elena Schaffrath, Mette Jansen; Mannschaftsf\u00fchrer: David Peters<\/p>\n<p><em>Dressurmannschaft II:<\/em> 3. Platz (Mannschafts-Dressurpr\u00fcfung Kl. A*) &#8211; Reiter: Laura Plauman, Christine van Hooijdonk, Carmen Plum, Karin Kellermann; Mannschaftsf\u00fchrer: David Peters<\/p>\n<p><em>Laura Plaumann mit Grace a toi:<\/em> 1. Platz in der Dressurpr\u00fcfung Kl. A*<br \/>\n<em>Christina Strauch mit Fedora:<\/em> 3. Platz in der Dressurpr\u00fcfung Kl. A*<br \/>\n<em>Elena Schaffrath mit Live Dance:<\/em> 3. Platz in der Dressurpr\u00fcfung Kl. A*<\/p>\n","protected":false},"excerpt":{"rendered":"<p>2020 \u00dcbach-Palenberg &#8211; Scherpenseel Aline P\u00e4tzold mit Davina: 2. Platz in der Dressurpr\u00fcfung Kl. L*-Trense Aline P\u00e4tzold mit Davina: 4. Platz in der Dressurpr\u00fcfung Kl. L*-Kandare Angelina Brendt mit WES Don Fabio: 5. Platz in der Dressurpr\u00fcfung Kl. A* Luk H\u00fchne mit Bonny: 3. Platz im Reiter-WB Schritt-Trab-Galopp &nbsp; Dinslaken-Hiesfeld Mette Jansen mit Joradina Gemma: &hellip; <a href=\"http:\/\/www.rv-geilenkirchen.de\/wordpress\/324-2\/turniererfolge\/\" class=\"more-link\"><span class=\"screen-reader-text\">Turniererfolge<\/span> weiterlesen<\/a><\/p>\n","protected":false},"author":7,"featured_media":0,"parent":324,"menu_order":0,"comment_status":"closed","ping_status":"closed","template":"","meta":{"footnotes":""},"wppr_data":{"cwp_meta_box_check":"No"},"_links":{"self":[{"href":"http:\/\/www.rv-geilenkirchen.de\/wordpress\/wp-json\/wp\/v2\/pages\/901"}],"collection":[{"href":"http:\/\/www.rv-geilenkirchen.de\/wordpress\/wp-json\/wp\/v2\/pages"}],"about":[{"href":"http:\/\/www.rv-geilenkirchen.de\/wordpress\/wp-json\/wp\/v2\/types\/page"}],"author":[{"embeddable":true,"href":"http:\/\/www.rv-geilenkirchen.de\/wordpress\/wp-json\/wp\/v2\/users\/7"}],"replies":[{"embeddable":true,"href":"http:\/\/www.rv-geilenkirchen.de\/wordpress\/wp-json\/wp\/v2\/comments?post=901"}],"version-history":[{"count":97,"href":"http:\/\/www.rv-geilenkirchen.de\/wordpress\/wp-json\/wp\/v2\/pages\/901\/revisions"}],"predecessor-version":[{"id":1355,"href":"http:\/\/www.rv-geilenkirchen.de\/wordpress\/wp-json\/wp\/v2\/pages\/901\/revisions\/1355"}],"up":[{"embeddable":true,"href":"http:\/\/www.rv-geilenkirchen.de\/wordpress\/wp-json\/wp\/v2\/pages\/324"}],"wp:attachment":[{"href":"http:\/\/www.rv-geilenkirchen.de\/wordpress\/wp-json\/wp\/v2\/media?parent=901"}],"curies":[{"name":"wp","href":"https:\/\/api.w.org\/{rel}","templated":true}]}}